{"id":821,"date":"2022-04-14T10:48:35","date_gmt":"2022-04-14T13:48:35","guid":{"rendered":"https:\/\/sanatoriodelsalvador.com.ar\/saludfemenina\/?post_type=especialidades&#038;p=821"},"modified":"2022-04-19T11:50:07","modified_gmt":"2022-04-19T14:50:07","slug":"mastologia-2","status":"publish","type":"especialidades","link":"https:\/\/sanatoriodelsalvador.com.ar\/saludfemenina\/especialidades\/mastologia-2\/","title":{"rendered":"Mastectom\u00eda Radical\u00a0\u00a0\u00a0\u00a0"},"content":{"rendered":"\n<p>La <strong>Mastectom\u00eda Radical <\/strong>es un procedimientos quir\u00fargico que implica la extirpaci\u00f3n de la mama, el m\u00fasculo pectoral subyacente y los ganglios linf\u00e1ticos de la axila como tratamiento para el c\u00e1ncer de mama.\u200b Se considera solo cuando el c\u00e1ncer de mama se ha diseminado hasta los m\u00fasculos de la pared tor\u00e1cica.<\/p>\n","protected":false},"excerpt":{"rendered":"<p>Es la especialidad m\u00e9dica que estudia y trata las gl\u00e1ndulas mamarias, y comprende tanto las patolog\u00edas malignas como las benignas.<\/p>\n","protected":false},"featured_media":0,"parent":0,"template":"","especialidad":[21],"class_list":["post-821","especialidades","type-especialidades","status-publish","hentry","especialidad-mastologia"],"yoast_head":"<!-- This site is optimized with the Yoast SEO plugin v27.5 - https:\/\/yoast.com\/product\/yoast-seo-wordpress\/ -->\n<title>Mastectom\u00eda Radical\u00a0\u00a0\u00a0\u00a0 - SALUD FEMENINA<\/title>\n<meta name=\"robots\" content=\"index, follow, max-snippet:-1, max-image-preview:large, max-video-preview:-1\" \/>\n<link rel=\"canonical\" href=\"https:\/\/sanatoriodelsalvador.com.ar\/saludfemenina\/especialidades\/mastologia-2\/\" \/>\n<meta property=\"og:locale\" content=\"en_US\" \/>\n<meta property=\"og:type\" content=\"article\" \/>\n<meta property=\"og:title\" content=\"Mastectom\u00eda Radical\u00a0\u00a0\u00a0\u00a0 - SALUD FEMENINA\" \/>\n<meta property=\"og:description\" content=\"Es la especialidad m\u00e9dica que estudia y trata las gl\u00e1ndulas mamarias, y comprende tanto las patolog\u00edas malignas como las benignas.\" \/>\n<meta property=\"og:url\" content=\"https:\/\/sanatoriodelsalvador.com.ar\/saludfemenina\/especialidades\/mastologia-2\/\" \/>\n<meta property=\"og:site_name\" content=\"SALUD FEMENINA\" \/>\n<meta property=\"article:modified_time\" content=\"2022-04-19T14:50:07+00:00\" \/>\n<meta name=\"twitter:card\" content=\"summary_large_image\" \/>\n<meta name=\"twitter:label1\" content=\"Est. reading time\" \/>\n\t<meta name=\"twitter:data1\" content=\"1 minute\" \/>\n<script type=\"application\/ld+json\" class=\"yoast-schema-graph\">{\"@context\":\"https:\\\/\\\/schema.org\",\"@graph\":[{\"@type\":\"WebPage\",\"@id\":\"https:\\\/\\\/sanatoriodelsalvador.com.ar\\\/saludfemenina\\\/especialidades\\\/mastologia-2\\\/\",\"url\":\"https:\\\/\\\/sanatoriodelsalvador.com.ar\\\/saludfemenina\\\/especialidades\\\/mastologia-2\\\/\",\"name\":\"Mastectom\u00eda Radical\u00a0\u00a0\u00a0\u00a0 - SALUD FEMENINA\",\"isPartOf\":{\"@id\":\"https:\\\/\\\/sanatoriodelsalvador.com.ar\\\/saludfemenina\\\/#website\"},\"datePublished\":\"2022-04-14T13:48:35+00:00\",\"dateModified\":\"2022-04-19T14:50:07+00:00\",\"breadcrumb\":{\"@id\":\"https:\\\/\\\/sanatoriodelsalvador.com.ar\\\/saludfemenina\\\/especialidades\\\/mastologia-2\\\/#breadcrumb\"},\"inLanguage\":\"en-US\",\"potentialAction\":[{\"@type\":\"ReadAction\",\"target\":[\"https:\\\/\\\/sanatoriodelsalvador.com.ar\\\/saludfemenina\\\/especialidades\\\/mastologia-2\\\/\"]}]},{\"@type\":\"BreadcrumbList\",\"@id\":\"https:\\\/\\\/sanatoriodelsalvador.com.ar\\\/saludfemenina\\\/especialidades\\\/mastologia-2\\\/#breadcrumb\",\"itemListElement\":[{\"@type\":\"ListItem\",\"position\":1,\"name\":\"Portada\",\"item\":\"https:\\\/\\\/sanatoriodelsalvador.com.ar\\\/saludfemenina\\\/\"},{\"@type\":\"ListItem\",\"position\":2,\"name\":\"Especialidades\",\"item\":\"https:\\\/\\\/sanatoriodelsalvador.com.ar\\\/saludfemenina\\\/especialidades\\\/\"},{\"@type\":\"ListItem\",\"position\":3,\"name\":\"Mastectom\u00eda Radical\u00a0\u00a0\u00a0\u00a0\"}]},{\"@type\":\"WebSite\",\"@id\":\"https:\\\/\\\/sanatoriodelsalvador.com.ar\\\/saludfemenina\\\/#website\",\"url\":\"https:\\\/\\\/sanatoriodelsalvador.com.ar\\\/saludfemenina\\\/\",\"name\":\"SALUD FEMENINA\",\"description\":\"Espacio de Salud Femenina de Sanatorio del Salvador\",\"potentialAction\":[{\"@type\":\"SearchAction\",\"target\":{\"@type\":\"EntryPoint\",\"urlTemplate\":\"https:\\\/\\\/sanatoriodelsalvador.com.ar\\\/saludfemenina\\\/?s={search_term_string}\"},\"query-input\":{\"@type\":\"PropertyValueSpecification\",\"valueRequired\":true,\"valueName\":\"search_term_string\"}}],\"inLanguage\":\"en-US\"}]}<\/script>\n<!-- \/ Yoast SEO plugin. -->","yoast_head_json":{"title":"Mastectom\u00eda Radical\u00a0\u00a0\u00a0\u00a0 - SALUD FEMENINA","robots":{"index":"index","follow":"follow","max-snippet":"max-snippet:-1","max-image-preview":"max-image-preview:large","max-video-preview":"max-video-preview:-1"},"canonical":"https:\/\/sanatoriodelsalvador.com.ar\/saludfemenina\/especialidades\/mastologia-2\/","og_locale":"en_US","og_type":"article","og_title":"Mastectom\u00eda Radical\u00a0\u00a0\u00a0\u00a0 - SALUD FEMENINA","og_description":"Es la especialidad m\u00e9dica que estudia y trata las gl\u00e1ndulas mamarias, y comprende tanto las patolog\u00edas malignas como las benignas.","og_url":"https:\/\/sanatoriodelsalvador.com.ar\/saludfemenina\/especialidades\/mastologia-2\/","og_site_name":"SALUD FEMENINA","article_modified_time":"2022-04-19T14:50:07+00:00","twitter_card":"summary_large_image","twitter_misc":{"Est. reading time":"1 minute"},"schema":{"@context":"https:\/\/schema.org","@graph":[{"@type":"WebPage","@id":"https:\/\/sanatoriodelsalvador.com.ar\/saludfemenina\/especialidades\/mastologia-2\/","url":"https:\/\/sanatoriodelsalvador.com.ar\/saludfemenina\/especialidades\/mastologia-2\/","name":"Mastectom\u00eda Radical\u00a0\u00a0\u00a0\u00a0 - SALUD FEMENINA","isPartOf":{"@id":"https:\/\/sanatoriodelsalvador.com.ar\/saludfemenina\/#website"},"datePublished":"2022-04-14T13:48:35+00:00","dateModified":"2022-04-19T14:50:07+00:00","breadcrumb":{"@id":"https:\/\/sanatoriodelsalvador.com.ar\/saludfemenina\/especialidades\/mastologia-2\/#breadcrumb"},"inLanguage":"en-US","potentialAction":[{"@type":"ReadAction","target":["https:\/\/sanatoriodelsalvador.com.ar\/saludfemenina\/especialidades\/mastologia-2\/"]}]},{"@type":"BreadcrumbList","@id":"https:\/\/sanatoriodelsalvador.com.ar\/saludfemenina\/especialidades\/mastologia-2\/#breadcrumb","itemListElement":[{"@type":"ListItem","position":1,"name":"Portada","item":"https:\/\/sanatoriodelsalvador.com.ar\/saludfemenina\/"},{"@type":"ListItem","position":2,"name":"Especialidades","item":"https:\/\/sanatoriodelsalvador.com.ar\/saludfemenina\/especialidades\/"},{"@type":"ListItem","position":3,"name":"Mastectom\u00eda Radical\u00a0\u00a0\u00a0\u00a0"}]},{"@type":"WebSite","@id":"https:\/\/sanatoriodelsalvador.com.ar\/saludfemenina\/#website","url":"https:\/\/sanatoriodelsalvador.com.ar\/saludfemenina\/","name":"SALUD FEMENINA","description":"Espacio de Salud Femenina de Sanatorio del Salvador","potentialAction":[{"@type":"SearchAction","target":{"@type":"EntryPoint","urlTemplate":"https:\/\/sanatoriodelsalvador.com.ar\/saludfemenina\/?s={search_term_string}"},"query-input":{"@type":"PropertyValueSpecification","valueRequired":true,"valueName":"search_term_string"}}],"inLanguage":"en-US"}]}},"_links":{"self":[{"href":"https:\/\/sanatoriodelsalvador.com.ar\/saludfemenina\/wp-json\/wp\/v2\/especialidades\/821","targetHints":{"allow":["GET"]}}],"collection":[{"href":"https:\/\/sanatoriodelsalvador.com.ar\/saludfemenina\/wp-json\/wp\/v2\/especialidades"}],"about":[{"href":"https:\/\/sanatoriodelsalvador.com.ar\/saludfemenina\/wp-json\/wp\/v2\/types\/especialidades"}],"wp:attachment":[{"href":"https:\/\/sanatoriodelsalvador.com.ar\/saludfemenina\/wp-json\/wp\/v2\/media?parent=821"}],"wp:term":[{"taxonomy":"especialidad","embeddable":true,"href":"https:\/\/sanatoriodelsalvador.com.ar\/saludfemenina\/wp-json\/wp\/v2\/especialidad?post=821"}],"curies":[{"name":"wp","href":"https:\/\/api.w.org\/{rel}","templated":true}]}}